{"id":557,"date":"2015-04-08T12:13:41","date_gmt":"2015-04-08T12:13:41","guid":{"rendered":"http:\/\/lifepinassa.eu\/?page_id=557"},"modified":"2016-10-28T14:05:08","modified_gmt":"2016-10-28T14:05:08","slug":"partners","status":"publish","type":"page","link":"https:\/\/lifepinassa.eu\/?page_id=557","title":{"rendered":"Partners"},"content":{"rendered":"<table>\n<tbody>\n<tr>\n<td style=\"vertical-align: top;\" width=\"215px\"><a href=\"http:\/\/cpf.gencat.cat\/ca\/\" target=\"_blank\"><img decoding=\"async\" loading=\"lazy\" class=\"wp-image-132 aligncenter\" src=\"http:\/\/lifepinassa.eu\/wp-content\/uploads\/2014\/10\/CPF-300x119.jpg\" alt=\"Centre-propietat-forestal\" width=\"226\" height=\"90\" srcset=\"https:\/\/lifepinassa.eu\/wp-content\/uploads\/2014\/10\/CPF-300x119.jpg 300w, https:\/\/lifepinassa.eu\/wp-content\/uploads\/2014\/10\/CPF-100x39.jpg 100w, https:\/\/lifepinassa.eu\/wp-content\/uploads\/2014\/10\/CPF-150x59.jpg 150w, https:\/\/lifepinassa.eu\/wp-content\/uploads\/2014\/10\/CPF-200x79.jpg 200w, https:\/\/lifepinassa.eu\/wp-content\/uploads\/2014\/10\/CPF.jpg 385w\" sizes=\"(max-width: 226px) 100vw, 226px\" \/><\/a><\/td>\n<td style=\"text-align: left; vertical-align: middle;\"><div id=\"1-link-557\" class=\"sh-link 1-link sh-hide\"><a href=\"#\" onclick=\"showhide_toggle('1', 557, 'Centre de la Propietat Forestal', 'Centre de la Propietat Forestal'); return false;\" aria-expanded=\"false\"><span id=\"1-toggle-557\">Centre de la Propietat Forestal<\/span><\/a><\/div><div id=\"1-content-557\" class=\"sh-content 1-content sh-hide\" style=\"display: none;\"><strong>Leader of LIFE+ Pinassa\u00a0<\/strong>Responsible:\u00a0Teresa Cervera <a href=\"mailto:%20tcervera@gencat.cat\">(contact)<\/a><a href=\"http:\/\/cpf.gencat.cat\/ca\/\">Web<\/a><\/p>\n<h6>Technicians involved in the project<\/h6>\n<table border=\"1px\" cellspacing=\"3\" cellpadding=\"5\">\n<tbody>\n<tr>\n<td>Teresa Cervera Zaragoza<\/td>\n<td>Area to promote sustainable forest management<\/td>\n<td>Leader of group<\/td>\n<td><a href=\"mailto:%20tcervera@gencat.cat\">Contact<\/a><\/td>\n<\/tr>\n<\/tbody>\n<\/table>\n<p><\/div><\/td>\n<\/tr>\n<tr>\n<td style=\"vertical-align: top;\" width=\"215px\">\u00a0<img decoding=\"async\" loading=\"lazy\" class=\"wp-image-401 aligncenter\" src=\"http:\/\/lifepinassa.eu\/wp-content\/uploads\/2014\/10\/logo_CTFC_color_R-300x110.png\" alt=\"Forestal-Catalunya-Centre-Tecnologic\" width=\"190\" height=\"70\" srcset=\"https:\/\/lifepinassa.eu\/wp-content\/uploads\/2014\/10\/logo_CTFC_color_R-300x110.png 300w, https:\/\/lifepinassa.eu\/wp-content\/uploads\/2014\/10\/logo_CTFC_color_R-1024x376.png 1024w, https:\/\/lifepinassa.eu\/wp-content\/uploads\/2014\/10\/logo_CTFC_color_R-100x36.png 100w, https:\/\/lifepinassa.eu\/wp-content\/uploads\/2014\/10\/logo_CTFC_color_R-150x55.png 150w, https:\/\/lifepinassa.eu\/wp-content\/uploads\/2014\/10\/logo_CTFC_color_R-200x73.png 200w, https:\/\/lifepinassa.eu\/wp-content\/uploads\/2014\/10\/logo_CTFC_color_R-450x165.png 450w, https:\/\/lifepinassa.eu\/wp-content\/uploads\/2014\/10\/logo_CTFC_color_R-600x220.png 600w, https:\/\/lifepinassa.eu\/wp-content\/uploads\/2014\/10\/logo_CTFC_color_R-900x331.png 900w\" sizes=\"(max-width: 190px) 100vw, 190px\" \/><\/td>\n<td style=\"text-align: left; vertical-align: middle;\"><div id=\"2-link-557\" class=\"sh-link 2-link sh-hide\"><a href=\"#\" onclick=\"showhide_toggle('2', 557, 'Centre Tecnol\u00f2gic Forestal de Catalunya', 'Centre Tecnol\u00f2gic Forestal de Catalunya'); return false;\" aria-expanded=\"false\"><span id=\"2-toggle-557\">Centre Tecnol\u00f2gic Forestal de Catalunya<\/span><\/a><\/div><div id=\"2-content-557\" class=\"sh-content 2-content sh-hide\" style=\"display: none;\">Responsible: M\u00edriam Piqu\u00e9\u00a0<a href=\"mailto:miriam.pique@ctfc.es\">(contact)<\/a><\/p>\n<p style=\"text-align: justify;\"><a href=\"http:\/\/www.ctfc.es\/\">Web<\/a><\/p>\n<h6>Technicians involved in the project<\/h6>\n<table cellspacing=\"3\" cellpadding=\"5\">\n<tbody>\n<tr>\n<td>Dra. M\u00edriam Piqu\u00e9<\/td>\n<td><a href=\"http:\/\/ags.ctfc.cat\/\" target=\"_blank\">Sustainable forest management unit<\/a><\/td>\n<td>Leader of group<\/td>\n<td><a href=\"mailto:%20miriam.pique@ctfc.es\" target=\"_blank\">Contact<\/a><\/td>\n<\/tr>\n<tr>\n<td>Pau Vericat<\/td>\n<td><a href=\"http:\/\/ags.ctfc.cat\/\" target=\"_blank\">Sustainable forest management unit<\/a><\/td>\n<td>Technician<\/td>\n<td><a href=\"mailto: pau.vericat@ctfc.es\" target=\"_blank\">Contact<\/a><\/td>\n<\/tr>\n<tr>\n<td>Mario Beltran<\/td>\n<td><a href=\"http:\/\/ags.ctfc.cat\/\" target=\"_blank\">Sustainable forest management unit<\/a><\/td>\n<td>Technician<\/td>\n<td><a href=\"mailto: mario.beltran@ctfc.es\" target=\"_blank\">Contact<\/a><\/td>\n<\/tr>\n<tr>\n<td>Dra. Rut Dom\u00e8nech<\/td>\n<td><a href=\"http:\/\/ags.ctfc.cat\/\" target=\"_blank\">Sustainable forest management unit<\/a><\/td>\n<td>Technician<\/td>\n<td><a href=\"mailto: rut.domenech@ctfc.es\" target=\"_blank\">Contact<\/a><\/td>\n<\/tr>\n<tr>\n<td>Dr. Jordi Camprodon<\/td>\n<td><a title=\"\u00c0rea de biodiversidad\" href=\"http:\/\/baclab.ctfc.cat\" target=\"_blank\">Biodiversity and animal Conservation Lab<\/a><\/td>\n<td>Leader of group<\/td>\n<td><a href=\"mailto: jordi.camprodon@ctfc.es\" target=\"_blank\">Contact<\/a><\/td>\n<\/tr>\n<tr>\n<td>David Guix\u00e9<\/td>\n<td><a title=\"\u00c0rea de biodiversidad\" href=\"http:\/\/baclab.ctfc.cat\" target=\"_blank\">Biodiversity and animal Conservation Lab<\/a><\/td>\n<td>Technician<\/td>\n<td><a href=\"mailto: david.guixe@ctfc.es\" target=\"_blank\">Contact<\/a><\/td>\n<\/tr>\n<tr>\n<td>N\u00faria Pou<\/td>\n<td><a title=\"\u00c0rea de biodiversidad\" href=\"http:\/\/baclab.ctfc.cat\" target=\"_blank\">Biodiversity and animal Conservation Lab<\/a><\/td>\n<td>Technician<\/td>\n<td><a href=\"mailto: nuria.pou@ctfc.es\" target=\"_blank\">Contact<\/a><\/td>\n<\/tr>\n<\/tbody>\n<\/table>\n<p><\/div><\/td>\n<\/tr>\n<tr>\n<td style=\"vertical-align: top;\" width=\"215px\">\u00a0<a href=\"http:\/\/lifepinassa.eu\/wp-content\/uploads\/2014\/10\/FUNCAT_verd_transparent.jpg\"><img decoding=\"async\" loading=\"lazy\" class=\"wp-image-645 aligncenter\" src=\"http:\/\/lifepinassa.eu\/wp-content\/uploads\/2014\/10\/FUNCAT_verd_transparent.jpg\" alt=\"Fundacio-Catalunya-LaPedrera-logo\" width=\"90\" height=\"90\" srcset=\"https:\/\/lifepinassa.eu\/wp-content\/uploads\/2014\/10\/FUNCAT_verd_transparent.jpg 191w, https:\/\/lifepinassa.eu\/wp-content\/uploads\/2014\/10\/FUNCAT_verd_transparent-150x149.jpg 150w, https:\/\/lifepinassa.eu\/wp-content\/uploads\/2014\/10\/FUNCAT_verd_transparent-100x99.jpg 100w\" sizes=\"(max-width: 90px) 100vw, 90px\" \/><\/a><\/td>\n<td style=\"text-align: left; vertical-align: middle;\"><div id=\"3-link-557\" class=\"sh-link 3-link sh-hide\"><a href=\"#\" onclick=\"showhide_toggle('3', 557, 'Fundaci\u00f3 Catalunya - La Pedrera', 'Fundaci\u00f3 Catalunya - La Pedrera'); return false;\" aria-expanded=\"false\"><span id=\"3-toggle-557\">Fundaci\u00f3 Catalunya - La Pedrera<\/span><\/a><\/div><div id=\"3-content-557\" class=\"sh-content 3-content sh-hide\" style=\"display: none;\">Responsible: Josep Ma Fabra\u00a0<a href=\"mailto: josepmaria.fabra@fcatalunyalapedrera.com\" target=\"_blank\">(contact)<\/a><\/p>\n<p style=\"text-align: justify;\"><a href=\"http:\/\/www.fundaciocatalunya-lapedrera.cat\/ca\/home\">Web<\/a><\/p>\n<h6>Technicians involved in the project<\/h6>\n<table cellspacing=\"3\" cellpadding=\"5\">\n<tbody>\n<tr>\n<td>Josep Ma Fabra<\/td>\n<td><a href=\"http:\/\/www.fundaciocatalunya-lapedrera.cat\/ca\/content\/territori-i-medi-ambient\" target=\"_blank\">Area of territory and environment<\/a><\/td>\n<td>Technician<\/td>\n<td><a href=\"mailto:%20josepmaria.fabra@fcatalunyalapedrera.com\" target=\"_blank\">Contact<\/a><\/td>\n<\/tr>\n<\/tbody>\n<\/table>\n<p><\/div><\/td>\n<\/tr>\n<tr>\n<td style=\"text-align: center;\" width=\"215px\"><img decoding=\"async\" loading=\"lazy\" class=\"aligncenter wp-image-136\" src=\"http:\/\/lifepinassa.eu\/wp-content\/uploads\/2014\/10\/DeptInt-300x68.jpg\" alt=\"Departament d'Interior\" width=\"197\" height=\"45\" srcset=\"https:\/\/lifepinassa.eu\/wp-content\/uploads\/2014\/10\/DeptInt-300x68.jpg 300w, https:\/\/lifepinassa.eu\/wp-content\/uploads\/2014\/10\/DeptInt-100x22.jpg 100w, https:\/\/lifepinassa.eu\/wp-content\/uploads\/2014\/10\/DeptInt-150x34.jpg 150w, https:\/\/lifepinassa.eu\/wp-content\/uploads\/2014\/10\/DeptInt-200x45.jpg 200w, https:\/\/lifepinassa.eu\/wp-content\/uploads\/2014\/10\/DeptInt.jpg 363w\" sizes=\"(max-width: 197px) 100vw, 197px\" \/><\/td>\n<td style=\"text-align: left; vertical-align: middle;\">\u00a0<div id=\"4-link-557\" class=\"sh-link 4-link sh-hide\"><a href=\"#\" onclick=\"showhide_toggle('4', 557, 'Departament d\\'Interior - Generalitat de Catalunya', 'Departament d\\'Interior - Generalitat de Catalunya'); return false;\" aria-expanded=\"false\"><span id=\"4-toggle-557\">Departament d'Interior - Generalitat de Catalunya<\/span><\/a><\/div><div id=\"4-content-557\" class=\"sh-content 4-content sh-hide\" style=\"display: none;\">Responsible:\u00a0Asier Larra\u00f1aga <a href=\"mailto:asier.larra@gencat.cat\">(contact)<\/a><\/p>\n<p style=\"text-align: justify;\"><a href=\"http:\/\/interior.gencat.cat\/ca\/index.html\" target=\"_blank\">Web<\/a><\/p>\n<h6>Technicians involved in the project<\/h6>\n<table cellspacing=\"3\" cellpadding=\"5\">\n<tbody>\n<tr>\n<td>Asier Larra\u00f1aga<\/td>\n<td>Firefighters of the &#8220;Generalitat de Catalunya&#8221;<\/td>\n<td>Technician<\/td>\n<td><a href=\"mailto:%20asier.larra@gencat.cat\" target=\"_blank\">Contact<\/a><\/td>\n<\/tr>\n<\/tbody>\n<\/table>\n<p><\/div><\/td>\n<\/tr>\n<\/tbody>\n<\/table>\n<p>&nbsp;<\/p>\n<h3>Funders<\/h3>\n<p>&nbsp;<\/p>\n<p><a href=\"http:\/\/ec.europa.eu\/environment\/life\/index.htm\" target=\"_blank\"><img decoding=\"async\" loading=\"lazy\" class=\"alignleft wp-image-365 \" src=\"http:\/\/lifepinassa.eu\/wp-content\/uploads\/2014\/10\/life-logo-150x150.jpg\" alt=\"life logo\" width=\"106\" height=\"106\" \/><\/a><a href=\"http:\/\/agricultura.gencat.cat\/ca\" target=\"_blank\"><img decoding=\"async\" loading=\"lazy\" class=\"wp-image-312 alignleft\" src=\"http:\/\/lifepinassa.eu\/wp-content\/uploads\/2014\/10\/logoAgricultura2.jpg\" alt=\"\" width=\"332\" height=\"126\" srcset=\"https:\/\/lifepinassa.eu\/wp-content\/uploads\/2014\/10\/logoAgricultura2.jpg 760w, https:\/\/lifepinassa.eu\/wp-content\/uploads\/2014\/10\/logoAgricultura2-300x114.jpg 300w, https:\/\/lifepinassa.eu\/wp-content\/uploads\/2014\/10\/logoAgricultura2-100x38.jpg 100w, https:\/\/lifepinassa.eu\/wp-content\/uploads\/2014\/10\/logoAgricultura2-150x57.jpg 150w, https:\/\/lifepinassa.eu\/wp-content\/uploads\/2014\/10\/logoAgricultura2-200x76.jpg 200w, https:\/\/lifepinassa.eu\/wp-content\/uploads\/2014\/10\/logoAgricultura2-450x171.jpg 450w, https:\/\/lifepinassa.eu\/wp-content\/uploads\/2014\/10\/logoAgricultura2-600x228.jpg 600w\" sizes=\"(max-width: 332px) 100vw, 332px\" \/><\/a><\/p>\n<p>&nbsp;<\/p>\n<p>&nbsp;<\/p>\n<p>&nbsp;<\/p>\n<p>&nbsp;<\/p>\n<p>&nbsp;<\/p>\n<h3>Members of the Advisory Board<\/h3>\n<p><strong>Josep Cap\u00f3 Nin<\/strong>. Forest technician. Cooperativa de Serveis Forestals. Catalunya. (Spain)<\/p>\n<p><strong>M. Carme Casas Arcarons<\/strong>. Dra. Biology. Facultat de Ci\u00e8ncies i Tecnologia, Universitat de Vic. Catalunya.\u00a0(Spain)<\/p>\n<p><strong>Llu\u00eds Coll Mir<\/strong>. Dr. Forestry Engineer, investigador Ram\u00f3n y Cajal. Grup de Funcionament i Din\u00e0mica del Bosc, CTFC-CREAF. Catalunya.\u00a0(Spain)<\/p>\n<p><strong>Jordi Dantart Puig<\/strong>. Entomologist. Societat Catalana de Lepidopterologia, ICHN. Catalunya.\u00a0(Spain)<\/p>\n<p><strong>Pierre Drapeau.\u00a0<\/strong>PhD Animal Ecology. Universit\u00e9 du Qu\u00e9bec \u00e0 Montr\u00e9al (Canada).<\/p>\n<p><strong>G. Matthew Davies<\/strong>. PhD, Assistant professor. School of Environment and Natural Resources, The Ohio State University. Ohio. (EUA)<\/p>\n<p><strong>Paulo Fernandes<\/strong>. PhD Forest Sciences. Dep. Ci\u00eancias Florestais e Arquitectura Paisagista. Universidade de Tr\u00e1s-os-Montes e Alto Douro. Vila Real. (Portugal)<\/p>\n<p><strong>Josep Maria Forcadell Roig<\/strong>. Forestry Engineer. Parc Natural dels Ports, DTS. Catalunya.\u00a0(Spain)<\/p>\n<p><strong>Josep Jovan\u00ed.<\/strong> Forestry Engineer. Departament d\u2019Agricultura Ramaderia, Pesca i Alimentaci\u00f3. Generalitat de Catalunya. (Spain).<\/p>\n<p><strong>Manuel Esteban Lucas Borja<\/strong>. Dr. Forestry Engineer. Departamento de Ciencia y Tecnolog\u00eda Agroforestal y Gen\u00e9tica, Universidad de Castilla-La Mancha.\u00a0(Spain)<\/p>\n<p><strong>Jarkov Revert\u00e9<\/strong>. Forestry Engineer. Consorci de la Serra de Llaberia. Catalunya.\u00a0(Spain)<\/p>\n<p><strong>Enric Vadell.<\/strong>\u00a0Forestry Engineer. Departament d\u2019Agricultura, Ramaderia, Pesca i Alimentaci\u00f3. Generalitat de Catalunya (Spain).<\/p>\n<p><strong>Amador Vi\u00f1olas Saborit<\/strong>. Entomologist. Museu de Ci\u00e8ncies Naturals de Barcelona. Catalunya.\u00a0(Spain)<\/p>\n<h3><\/h3>\n<p>&nbsp;<\/p>\n<h3>Networking<\/h3>\n<p><span style=\"color: black; font-family: Verdana; font-size: small;\"><span lang=\"CA\">INFORMED PROJECT<br \/>\n<\/span><\/span><\/p>\n<p><span style=\"color: black; font-family: Verdana; font-size: small;\"><span lang=\"CA\"><a class=\"moz-txt-link-freetext\" href=\"http:\/\/www6.inra.fr\/informed-foresterra_eng\" target=\"_blank\" rel=\"noreferrer\">http:\/\/www6.inra.fr\/informed-foresterra_eng<\/a><\/span><\/span><\/p>\n<p><span style=\"color: black; font-family: Verdana; font-size: small;\"><span lang=\"CA\">Reuni\u00f3n el pasado 20 de Junio sobre:\u00a0<\/span><\/span>ESTRATEGIAS DE GESTI\u00d3N PARA LOS BOSQUES DE PINO LARICIO DEL SUR DEL SOLSON\u00c8S BAJO DISTINTOS ESCENARIOS DE CAMBIO<\/p>\n<p><span style=\"color: black; font-family: Verdana; font-size: small;\"><span lang=\"CA\"><a class=\"moz-txt-link-freetext\" href=\"https:\/\/twitter.com\/ctforestal\/status\/744809141839892481\" target=\"_blank\" rel=\"noreferrer\">https:\/\/twitter.com\/ctforestal\/status\/744809141839892481<\/a><\/span><\/span><\/p>\n","protected":false},"excerpt":{"rendered":"<p>\u00a0 \u00a0 \u00a0 &nbsp; Funders &nbsp; &nbsp; &nbsp; &nbsp; &nbsp; &nbsp; Members of the Advisory Board Josep Cap\u00f3 Nin. Forest technician. Cooperativa de Serveis Forestals. Catalunya. (Spain) M. Carme Casas Arcarons. Dra. Biology. Facultat de Ci\u00e8ncies i Tecnologia, Universitat de<span class=\"ellipsis\">&hellip;<\/span><\/p>\n<div class=\"read-more\"><a href=\"https:\/\/lifepinassa.eu\/?page_id=557\">Read more &#8250;<\/a><\/div>\n<p><!-- end of .read-more --><\/p>\n","protected":false},"author":1,"featured_media":0,"parent":0,"menu_order":0,"comment_status":"open","ping_status":"open","template":"","meta":{"om_disable_all_campaigns":false,"_mi_skip_tracking":false,"ngg_post_thumbnail":0},"aioseo_notices":[],"_links":{"self":[{"href":"https:\/\/lifepinassa.eu\/index.php?rest_route=\/wp\/v2\/pages\/557"}],"collection":[{"href":"https:\/\/lifepinassa.eu\/index.php?rest_route=\/wp\/v2\/pages"}],"about":[{"href":"https:\/\/lifepinassa.eu\/index.php?rest_route=\/wp\/v2\/types\/page"}],"author":[{"embeddable":true,"href":"https:\/\/lifepinassa.eu\/index.php?rest_route=\/wp\/v2\/users\/1"}],"replies":[{"embeddable":true,"href":"https:\/\/lifepinassa.eu\/index.php?rest_route=%2Fwp%2Fv2%2Fcomments&post=557"}],"version-history":[{"count":8,"href":"https:\/\/lifepinassa.eu\/index.php?rest_route=\/wp\/v2\/pages\/557\/revisions"}],"predecessor-version":[{"id":1518,"href":"https:\/\/lifepinassa.eu\/index.php?rest_route=\/wp\/v2\/pages\/557\/revisions\/1518"}],"wp:attachment":[{"href":"https:\/\/lifepinassa.eu\/index.php?rest_route=%2Fwp%2Fv2%2Fmedia&parent=557"}],"curies":[{"name":"wp","href":"https:\/\/api.w.org\/{rel}","templated":true}]}}